{"id":81,"date":"2020-07-15T10:07:25","date_gmt":"2020-07-15T10:07:25","guid":{"rendered":"http:\/\/www.lasipallo.com\/vallatjavaet\/?page_id=81"},"modified":"2020-07-23T12:57:42","modified_gmt":"2020-07-23T12:57:42","slug":"vaet","status":"publish","type":"page","link":"http:\/\/www.lasipallo.com\/vallatjavaet\/vaet\/","title":{"rendered":"V\u00e4et"},"content":{"rendered":"\n<p>Vaihdokkaiden yhteiskunnan perusta ovat v\u00e4et: veden, mets\u00e4n, maan ja taivaan v\u00e4ki. Jokaisen aikuisen vaihdokkaan odotetaan valitsevan v\u00e4kens\u00e4 pian sen j\u00e4lkeen kun on valtansa puolesta siihen valmis. Vain aidot vaihdokkaat, lapsena vaihdetut, kuuluvat syntyj\u00e4\u00e4n johonkin v\u00e4keen &#8211; muilla on valinnan vapaus. Aikuistuvista vaihdokkaista kilpaillaan kiivaasti, etenkin nykyp\u00e4iv\u00e4n\u00e4 kun vaihdokkaiden m\u00e4\u00e4r\u00e4 hupenee, mutta lopullinen valinta on aina vaihdokkaan itsens\u00e4. Liittymisriitin my\u00f6t\u00e4 v\u00e4keen liittyneen vaihdokkaan valta kasvaa.<\/p>\n\n\n\n<p>Kun v\u00e4keen on kerran liittymisriitin kautta liittynyt, ei sit\u00e4 voi vaihtaa, eik\u00e4 v\u00e4est\u00e4\u00e4n voi omatoimisesti erota. Vallan syyst\u00e4 tai toisesta menett\u00e4nyt vaihdokas ei kuitenkaan voi kuulua v\u00e4keen; t\u00e4llaisen vaihdokkaan katsotaan olevan v\u00e4et\u00f6n. Mik\u00e4li valta palautuu h\u00e4nelle, kuuluu h\u00e4n j\u00e4lleen alkuper\u00e4iseen v\u00e4keens\u00e4. Vaihdokas on mahdollista erottaa v\u00e4est\u00e4\u00e4n, mutta t\u00e4m\u00e4 on hyvin harvinaista vaatii merkitt\u00e4v\u00e4\u00e4 vallan k\u00e4ytt\u00f6\u00e4. Erottamisriitti on liittymisriitti\u00e4 raskaampi ja vaikeampi, eik\u00e4 siihen ryhdyt\u00e4 ilman eritt\u00e4in painavia perusteita.<\/p>\n\n\n\n<p>V\u00e4et eroavat toisistaan monella tavoin. Ilmeisimp\u00e4n\u00e4 on v\u00e4en elementti tai luonnonvoima ja tapa k\u00e4ytt\u00e4\u00e4 valtaa, mutta ne eroavat toisistaan my\u00f6s yleisluonteeltaan ja sis\u00e4iselt\u00e4 hierarkialtaan. Eri v\u00e4et vet\u00e4v\u00e4t puoleensa erilaisia luonteenpiirteit\u00e4 omaavia vaihdokkaita. <\/p>\n\n\n\n<div class=\"wp-block-columns is-layout-flex wp-container-core-columns-is-layout-1 wp-block-columns-is-layout-flex\">\n<div class=\"wp-block-column is-layout-flow wp-block-column-is-layout-flow\" style=\"flex-basis:66.66%\">\n<h2 class=\"wp-block-heading\">Veden v\u00e4ki<\/h2>\n\n\n\n<p>Veden v\u00e4elle tyypillisi\u00e4 luonteenpiirteit\u00e4 ovat luovuus, impulsiivisuus ja huolettomuus. Moni vedenv\u00e4kel\u00e4inen tekeekin luovaa ty\u00f6t\u00e4, jos ei p\u00e4\u00e4ty\u00f6kseen niin v\u00e4hint\u00e4\u00e4nkin harrastuksena. Vedenv\u00e4kel\u00e4iset kaipaavat my\u00f6s veden \u00e4\u00e4reen, ja monien ty\u00f6 tai harrastus viekin heid\u00e4t rannalle, laivalle tai satamaan. Veden v\u00e4elle tyypillinen huolettomuus voi my\u00f6s kostautua &#8211; he saattavat j\u00e4tt\u00e4\u00e4 ongelmatilanteet huomiotta, kunnes tilanne eskaloituu siihen pisteeseen, ettei sit\u00e4 voi en\u00e4\u00e4 v\u00e4ltt\u00e4\u00e4. Kriisitilanteissa vedenv\u00e4ell\u00e4 on taipumus pyrki\u00e4 jatkamaan entiseen tapaan, kenties siin\u00e4 toivossa ett\u00e4 kriisi menee itsest\u00e4\u00e4n ohi.<\/p>\n\n\n\n<p>Veden v\u00e4ell\u00e4 ei ole v\u00e4en sis\u00e4ist\u00e4 hierarkiaa, vaan kaikki ovat tasa-arvoisia ja p\u00e4\u00e4t\u00f6kset tehd\u00e4\u00e4n keskustellen ja \u00e4\u00e4nest\u00e4en. Veden v\u00e4ell\u00e4 ei ole johtajia; yhdenvertaisuus on heille t\u00e4rke\u00e4\u00e4.<\/p>\n\n\n\n<p>Veden v\u00e4ki on vahvimmillaan kev\u00e4\u00e4ll\u00e4.<\/p>\n\n\n\n<p>V\u00e4reiss\u00e4 veden v\u00e4ki suosii sinisen ja sinivihre\u00e4n s\u00e4vyj\u00e4.<\/p>\n<\/div>\n\n\n\n<div class=\"wp-block-column is-layout-flow wp-block-column-is-layout-flow\" style=\"flex-basis:33.33%\">\n<p>   <\/p>\n\n\n\n<p>  <\/p>\n\n\n\n<p>  <img loading=\"lazy\" decoding=\"async\" width=\"150\" height=\"225\" class=\"wp-image-201\" style=\"width: 150px;\" src=\"http:\/\/www.lasipallo.com\/vallatjavaet\/wp-content\/uploads\/2020\/07\/Changeling_Water-600-900.jpg\" alt=\"\" srcset=\"http:\/\/www.lasipallo.com\/vallatjavaet\/wp-content\/uploads\/2020\/07\/Changeling_Water-600-900.jpg 600w, http:\/\/www.lasipallo.com\/vallatjavaet\/wp-content\/uploads\/2020\/07\/Changeling_Water-600-900-200x300.jpg 200w\" sizes=\"(max-width: 150px) 100vw, 150px\" \/><\/p>\n<\/div>\n<\/div>\n\n\n\n<div class=\"wp-block-columns is-layout-flex wp-container-core-columns-is-layout-2 wp-block-columns-is-layout-flex\">\n<div class=\"wp-block-column is-layout-flow wp-block-column-is-layout-flow\" style=\"flex-basis:66.66%\">\n<h2 class=\"wp-block-heading\">Mets\u00e4n v\u00e4ki<\/h2>\n\n\n\n<p>Mets\u00e4n v\u00e4elle tyypillisi\u00e4 luonteenpiirteit\u00e4 ovat intohimo, itsevarmuus ja ulosp\u00e4insuuntautuneisuus. N\u00e4m\u00e4 ilmentyv\u00e4t monin tavoin &#8211; mets\u00e4n v\u00e4ess\u00e4 on niin opettajia ja el\u00e4m\u00e4ntapavalmentajia kuin poliitikkojakin. Yhteist\u00e4 heille on intohimo omaan ty\u00f6h\u00f6ns\u00e4. Mets\u00e4n v\u00e4ki kaipaa my\u00f6s luontoon, ja useimpien harrastukset &#8211; tai jopa ty\u00f6 &#8211; viev\u00e4tkin heid\u00e4t puistoihin ja puutarhoihin. Mets\u00e4n v\u00e4elle tyypillinen intohimo voi n\u00e4ytt\u00e4yty\u00e4 my\u00f6s kiivautena ja jopa vihanpurkauksina, etenkin kriisitilanteissa.<\/p>\n\n\n\n<p>Mets\u00e4n v\u00e4en sis\u00e4inen hierarkia on varsin vaihtuvainen, eik\u00e4 sille ulkopuolisten silmiin ole selkeit\u00e4 s\u00e4\u00e4nt\u00f6j\u00e4. Joskus mets\u00e4n v\u00e4ke\u00e4 johtaa yksi mets\u00e4nv\u00e4kel\u00e4inen, joskus kolme yhdess\u00e4, joskus taas asioista \u00e4\u00e4nestet\u00e4\u00e4n. Milloin johtaja p\u00e4\u00e4tt\u00e4\u00e4 ja milloin \u00e4\u00e4nestet\u00e4\u00e4n, sen s\u00e4\u00e4nn\u00f6ist\u00e4 tiet\u00e4v\u00e4t vain mets\u00e4nv\u00e4kel\u00e4iset itse &#8211; jos sille mit\u00e4\u00e4n s\u00e4\u00e4nt\u00f6j\u00e4 onkaan.<\/p>\n\n\n\n<p>Mets\u00e4n v\u00e4ki on vahvimmillaan kes\u00e4ll\u00e4.<\/p>\n\n\n\n<p>V\u00e4reiss\u00e4 mets\u00e4n v\u00e4ki suosii vihre\u00e4n eri s\u00e4vyj\u00e4.<\/p>\n<\/div>\n\n\n\n<div class=\"wp-block-column is-layout-flow wp-block-column-is-layout-flow\" style=\"flex-basis:33.33%\">\n<p>   <\/p>\n\n\n\n<p>  <\/p>\n\n\n\n<p>   <img loading=\"lazy\" decoding=\"async\" width=\"150\" height=\"225\" class=\"wp-image-202\" style=\"width: 150px;\" src=\"http:\/\/www.lasipallo.com\/vallatjavaet\/wp-content\/uploads\/2020\/07\/Changeling_Forest-600-900.jpg\" alt=\"\" srcset=\"http:\/\/www.lasipallo.com\/vallatjavaet\/wp-content\/uploads\/2020\/07\/Changeling_Forest-600-900.jpg 600w, http:\/\/www.lasipallo.com\/vallatjavaet\/wp-content\/uploads\/2020\/07\/Changeling_Forest-600-900-200x300.jpg 200w\" sizes=\"(max-width: 150px) 100vw, 150px\" \/><\/p>\n<\/div>\n<\/div>\n\n\n\n<div class=\"wp-block-columns is-layout-flex wp-container-core-columns-is-layout-3 wp-block-columns-is-layout-flex\">\n<div class=\"wp-block-column is-layout-flow wp-block-column-is-layout-flow\" style=\"flex-basis:66.66%\">\n<h2 class=\"wp-block-heading\">Maan v\u00e4ki<\/h2>\n\n\n\n<p>Maan v\u00e4elle tyypillisi\u00e4 luonteenpiirteit\u00e4 ovat joustavuus, suunnitelmallisuus ja k\u00e4yt\u00e4nn\u00f6nl\u00e4heisyys. Maan v\u00e4ki tunnetaan neuvottelukyvyst\u00e4\u00e4n, ja moni maanv\u00e4kel\u00e4inen toimiikin ammatissa, jossa sit\u00e4 tarvitaan &#8211; kaupan alalla, lain parissa, politiikassa. Maa kutsuu puoleensa maan v\u00e4ke\u00e4, ja moni maanv\u00e4kel\u00e4inen hakeutuu my\u00f6s t\u00f6ihin tai harrastuksiin, joissa p\u00e4\u00e4see kosketuksiin maan kanssa &#8211; puistoihin ja puutarhoihin kenties, mutta my\u00f6s kivien ja kallioiden pariin. Maan v\u00e4en tahto l\u00f6yt\u00e4\u00e4 yhteinen ratkaisu, konsensus, voi my\u00f6s johtaa pitkittyneisiin neuvotteluihin, tai neuvotteluyrityksiin tilanteissa, joissa siit\u00e4 ei ole hy\u00f6ty\u00e4.<\/p>\n\n\n\n<p>Maan v\u00e4ki valitsee joka vuosi ennen syysp\u00e4iv\u00e4ntasausta keskuudestaan johtajan, joka johtaa v\u00e4ke\u00e4 seuraavaan syksyyn saakka. Valittu johtaja ei tee p\u00e4\u00e4t\u00f6ksi\u00e4 v\u00e4en puolesta, vaan toimii puheenjohtajan roolissa, jakaa puheenvuorot ja pit\u00e4\u00e4 j\u00e4rjestyst\u00e4. P\u00e4\u00e4t\u00f6ksiin pyrit\u00e4\u00e4n keskustellen, konsensuksen kautta. On hyvin harvinaista, ett\u00e4 maanv\u00e4kel\u00e4iset \u00e4\u00e4nest\u00e4v\u00e4t oman v\u00e4kens\u00e4 asioista.<\/p>\n\n\n\n<p>Maan v\u00e4ki on vahvimmillaan syksyll\u00e4.<\/p>\n\n\n\n<p>V\u00e4reiss\u00e4 maan v\u00e4ki suosii ruskean ja oranssin s\u00e4vyj\u00e4.<\/p>\n<\/div>\n\n\n\n<div class=\"wp-block-column is-layout-flow wp-block-column-is-layout-flow\" style=\"flex-basis:33.33%\">\n<p>   <\/p>\n\n\n\n<p>  <\/p>\n\n\n\n<p>   <img loading=\"lazy\" decoding=\"async\" width=\"150\" height=\"225\" class=\"wp-image-203\" style=\"width: 150px;\" src=\"http:\/\/www.lasipallo.com\/vallatjavaet\/wp-content\/uploads\/2020\/07\/Changeling_Earth-600-900.jpg\" alt=\"\" srcset=\"http:\/\/www.lasipallo.com\/vallatjavaet\/wp-content\/uploads\/2020\/07\/Changeling_Earth-600-900.jpg 600w, http:\/\/www.lasipallo.com\/vallatjavaet\/wp-content\/uploads\/2020\/07\/Changeling_Earth-600-900-200x300.jpg 200w\" sizes=\"(max-width: 150px) 100vw, 150px\" \/><\/p>\n<\/div>\n<\/div>\n\n\n\n<div class=\"wp-block-columns is-layout-flex wp-container-core-columns-is-layout-4 wp-block-columns-is-layout-flex\">\n<div class=\"wp-block-column is-layout-flow wp-block-column-is-layout-flow\" style=\"flex-basis:66.66%\">\n<h2 class=\"wp-block-heading\">Taivaan v\u00e4ki<\/h2>\n\n\n\n<p>Taivaan v\u00e4elle tyypillisi\u00e4 luonteenpiirteit\u00e4 ovat rauhallisuus, kest\u00e4vyys ja pitk\u00e4j\u00e4nteisyys. Taivaan v\u00e4en luonteenlaatu on johtanut monia heist\u00e4 terveydenhuoltoalalle, mutta l\u00f6ytyy taivaanv\u00e4kel\u00e4isten parista muitakin ammatteja, tutkijoista pelastajiin. Taivaan v\u00e4ki kaipaa taivaan alle &#8211; tai jopa taivaalle. Moni heist\u00e4 onkin ilmailualalla, tai harrastaa jotakin ilmailuun liittyv\u00e4\u00e4. Taivaan v\u00e4ell\u00e4 on taipumusta surumielisyyteen ja pessimismiin, ja kriisitilanteissa he saattavat lannistua turhan helposti.<\/p>\n\n\n\n<p>Taivaan v\u00e4ell\u00e4 on vahva sis\u00e4inen hierarkia, joka perustuu etup\u00e4\u00e4ss\u00e4 ik\u00e4\u00e4n ja ansioihin. Oletuksena on i\u00e4n mukainen asema, mutta t\u00e4m\u00e4 saattaa muuttua ansioiden mukaan. Taivaan v\u00e4ell\u00e4 ei ole erityisi\u00e4 nimikkeit\u00e4 eri asemille, vaan jokainen taivaanv\u00e4kel\u00e4inen tuntee oman paikkansa hierarkiassa. P\u00e4\u00e4t\u00f6kset tekee vanhin ja ansioitunein yksin niin halutessaan, mutta teht\u00e4vien ja p\u00e4\u00e4t\u00f6sten delegointi sopiville taivaanv\u00e4kel\u00e4isille vahvuuksiensa mukaan on varsin yleist\u00e4.<\/p>\n\n\n\n<p>Taivaan v\u00e4ki on vahvimmillaan talvella.<\/p>\n<\/div>\n\n\n\n<div class=\"wp-block-column is-layout-flow wp-block-column-is-layout-flow\" style=\"flex-basis:33.33%\">\n<p>  <\/p>\n\n\n\n<p>  <\/p>\n\n\n\n<p>   <img loading=\"lazy\" decoding=\"async\" width=\"150\" height=\"225\" class=\"wp-image-205\" style=\"width: 150px;\" src=\"http:\/\/www.lasipallo.com\/vallatjavaet\/wp-content\/uploads\/2020\/07\/Changeling_Sky-600-900.jpg\" alt=\"\" srcset=\"http:\/\/www.lasipallo.com\/vallatjavaet\/wp-content\/uploads\/2020\/07\/Changeling_Sky-600-900.jpg 600w, http:\/\/www.lasipallo.com\/vallatjavaet\/wp-content\/uploads\/2020\/07\/Changeling_Sky-600-900-200x300.jpg 200w\" sizes=\"(max-width: 150px) 100vw, 150px\" \/><\/p>\n<\/div>\n<\/div>\n\n\n\n<h2 class=\"wp-block-heading\">V\u00e4ett\u00f6m\u00e4t<\/h2>\n\n\n\n<p>Useimmat v\u00e4ett\u00f6m\u00e4t ovat nuoria vaihdokkaita, jotka eiv\u00e4t ole viel\u00e4 valinneet v\u00e4ke\u00e4\u00e4n. On my\u00f6s teoriassa mahdollista &#8211; joskin \u00e4\u00e4rimm\u00e4isen harvinaista &#8211; ett\u00e4 vaihdokas tulee v\u00e4kens\u00e4 erottamaksi, jolloin h\u00e4nest\u00e4 tulee j\u00e4lleen v\u00e4et\u00f6n. V\u00e4ett\u00f6mi\u00e4 on nykyp\u00e4iv\u00e4n\u00e4 harvassa ja v\u00e4et kilpailevat heist\u00e4 kiivaasti. V\u00e4et\u00f6n itse p\u00e4\u00e4tt\u00e4\u00e4 mihin v\u00e4keen liittyy &#8211; tosin v\u00e4est\u00e4 erotettu ei voi uudestaan valita vanhaa v\u00e4ke\u00e4\u00e4n. V\u00e4ett\u00f6mill\u00e4 ei ole sananvaltaa v\u00e4kien sis\u00e4isiss\u00e4 asioissa, mutta kaikkien vaihdokkaiden yhteisiss\u00e4 asioissa he ovat yhdenvertaisia muiden vaihdokkaiden kanssa, ja heill\u00e4 on \u00e4\u00e4nioikeus suurk\u00e4r\u00e4jill\u00e4.<\/p>\n\n\n\n<h2 class=\"wp-block-heading\">Vallattomat<\/h2>\n\n\n\n<p>Vallattomia on vaihdokasyhteis\u00f6ss\u00e4 kahdenlaisia: on vaihdokkaita, jotka ovat syyst\u00e4 tai toisesta menett\u00e4neet valtansa, ja on ihmisi\u00e4, jotka ovat liittyneet yhteis\u00f6\u00f6n esimerkiksi avioliiton kautta. Lis\u00e4ksi on toki ilman valtaa syntyneit\u00e4 vaihdokkaiden lapsia, mutta k\u00e4yt\u00e4nn\u00f6ss\u00e4 he eiv\u00e4t eroa mitenk\u00e4\u00e4n ihmisist\u00e4. Sek\u00e4 ihmiset ett\u00e4 valtansa pysyv\u00e4sti tai v\u00e4liaikaisesti menett\u00e4neet ovat samassa asemassa: heill\u00e4 ei ole sananvaltaa vaihdokkaiden asioissa &#8211; ainakaan virallisesti. Useimmat vallattomat ovat l\u00f6yt\u00e4neet muita tapoja vaikuttaa asioihin, jotka heit\u00e4 kiinnostavat. Vallattomia kohdellaan p\u00e4\u00e4s\u00e4\u00e4nt\u00f6isesti hyvin &#8211; ovathan he perhett\u00e4 &#8211; mutta tasa-arvoisia he eiv\u00e4t vaihdokkaiden kanssa ole, eik\u00e4 heill\u00e4 ole vaihdokkaiden lain turvaa vallank\u00e4ytt\u00f6\u00e4 vastaan. Vallan k\u00e4ytt\u00e4minen toiseen vaihdokkaaseen ilman t\u00e4m\u00e4n suostumusta on rikos, mutta vallatonta laki ei suojaa.<\/p>\n","protected":false},"excerpt":{"rendered":"<p>Vaihdokkaiden yhteiskunnan perusta ovat v\u00e4et: veden, mets\u00e4n, maan ja taivaan v\u00e4ki. Jokaisen aikuisen vaihdokkaan odotetaan valitsevan v\u00e4kens\u00e4 pian sen j\u00e4lkeen kun on valtansa puolesta siihen valmis. Vain aidot vaihdokkaat, lapsena vaihdetut, kuuluvat syntyj\u00e4\u00e4n johonkin v\u00e4keen &#8211; muilla on valinnan vapaus. Aikuistuvista vaihdokkaista kilpaillaan kiivaasti, etenkin nykyp\u00e4iv\u00e4n\u00e4 kun vaihdokkaiden m\u00e4\u00e4r\u00e4 hupenee, mutta lopullinen valinta on aina<\/p>\n<p><a href=\"http:\/\/www.lasipallo.com\/vallatjavaet\/vaet\/\" class=\"more-link themebutton\">Read More<\/a><\/p>\n","protected":false},"author":1,"featured_media":0,"parent":0,"menu_order":0,"comment_status":"closed","ping_status":"closed","template":"","meta":{"_themeisle_gutenberg_block_has_review":false,"footnotes":""},"_links":{"self":[{"href":"http:\/\/www.lasipallo.com\/vallatjavaet\/wp-json\/wp\/v2\/pages\/81"}],"collection":[{"href":"http:\/\/www.lasipallo.com\/vallatjavaet\/wp-json\/wp\/v2\/pages"}],"about":[{"href":"http:\/\/www.lasipallo.com\/vallatjavaet\/wp-json\/wp\/v2\/types\/page"}],"author":[{"embeddable":true,"href":"http:\/\/www.lasipallo.com\/vallatjavaet\/wp-json\/wp\/v2\/users\/1"}],"replies":[{"embeddable":true,"href":"http:\/\/www.lasipallo.com\/vallatjavaet\/wp-json\/wp\/v2\/comments?post=81"}],"version-history":[{"count":12,"href":"http:\/\/www.lasipallo.com\/vallatjavaet\/wp-json\/wp\/v2\/pages\/81\/revisions"}],"predecessor-version":[{"id":208,"href":"http:\/\/www.lasipallo.com\/vallatjavaet\/wp-json\/wp\/v2\/pages\/81\/revisions\/208"}],"wp:attachment":[{"href":"http:\/\/www.lasipallo.com\/vallatjavaet\/wp-json\/wp\/v2\/media?parent=81"}],"curies":[{"name":"wp","href":"https:\/\/api.w.org\/{rel}","templated":true}]}}